{"id":295,"date":"2020-03-23T19:25:29","date_gmt":"2020-03-23T18:25:29","guid":{"rendered":"https:\/\/poirier-avocat.fr\/?page_id=295"},"modified":"2020-03-27T18:01:53","modified_gmt":"2020-03-27T17:01:53","slug":"mentions-legales","status":"publish","type":"page","link":"https:\/\/poirier-avocat.fr\/?page_id=295","title":{"rendered":"MENTIONS LEGALES"},"content":{"rendered":"<p>[et_pb_section fb_built=\u00a0\u00bb1&Prime; _builder_version=\u00a0\u00bb4.4.1&Prime;][et_pb_row column_structure=\u00a0\u00bb2_5,3_5&Prime; _builder_version=\u00a0\u00bb4.4.1&Prime;][et_pb_column type=\u00a0\u00bb2_5&Prime; _builder_version=\u00a0\u00bb4.4.1&Prime;][et_pb_image src=\u00a0\u00bbhttps:\/\/poirier-avocat.fr\/wp-content\/uploads\/2020\/03\/LOGO-EN-LIGNE-1024&#215;411.png\u00a0\u00bb _builder_version=\u00a0\u00bb4.4.1&Prime;][\/et_pb_image][\/et_pb_column][et_pb_column type=\u00a0\u00bb3_5&Prime; _builder_version=\u00a0\u00bb4.4.1&Prime;][et_pb_text _builder_version=\u00a0\u00bb4.4.1&Prime; text_text_color=\u00a0\u00bb#000000&Prime; text_font_size=\u00a0\u00bb31px\u00a0\u00bb]<\/p>\n<p><strong>MENTIONS LEGALES<\/strong><\/p>\n<p>[\/et_pb_text][\/et_pb_column][\/et_pb_row][\/et_pb_section][et_pb_section fb_built=\u00a0\u00bb1&Prime; _builder_version=\u00a0\u00bb4.4.1&Prime;][et_pb_row _builder_version=\u00a0\u00bb4.4.1&Prime;][et_pb_column _builder_version=\u00a0\u00bb4.4.1&Prime; type=\u00a0\u00bb4_4&Prime;][et_pb_text _builder_version=\u00a0\u00bb4.4.1&Prime; hover_enabled=\u00a0\u00bb0&Prime;]<\/p>\n<ol>\n<li><strong> Informations l\u00e9gales<\/strong><\/li>\n<\/ol>\n<p>Le pr\u00e9sent site Internet (www.poirier-avocat.fr) est fourni et exploit\u00e9par Fr\u00e9d\u00e9ric POIRIER. Le cabinet est domicili\u00e9106 avenue Mozart \u00e0Paris 75016.<span style=\"font-size: 17px;\">\u00a0<\/span><\/p>\n<p>Directeur de publication : Fr\u00e9d\u00e9ric POIRIER<span style=\"font-size: 17px;\">\u00a0<\/span><\/p>\n<p><span style=\"font-size: 17px;\">H\u00e9bergeur : OVH<\/span><span style=\"font-size: 17px;\">\u00a0<\/span><\/p>\n<p>Technologie : Site con\u00e7u avec DIVI.<span style=\"font-size: 17px;\">\u00a0<\/span><\/p>\n<p>L&rsquo;adresse du site Web est https:\/\/poirier-avocat.fr.<span style=\"font-size: 17px;\">\u00a0<\/span><\/p>\n<ol start=\"2\">\n<li><strong> Copyrights contenus<\/strong><\/li>\n<\/ol>\n<p>Toute reproduction et toute utilisation du contenu du site, autre que la consultation individuelle, est interdite sauf autorisation pr\u00e9alable.<span style=\"font-size: 17px;\">\u00a0<\/span><\/p>\n<p>Cr\u00e9dits photos : Fr\u00e9d\u00e9ric POIRIER<span style=\"font-size: 17px;\">\u00a0<\/span><\/p>\n<ol start=\"3\">\n<li><strong>Information sur les prestations du cabinet POIRIER-AVOCAT.FR\u00a0:<\/strong><span style=\"font-size: 17px;\">\u00a0<\/span><\/li>\n<\/ol>\n<p>L\u2019information communiqu\u00e9e sur le site est pr\u00e9sent\u00e9e \u00e0titre indicatif et g\u00e9n\u00e9ral. Malgr\u00e9la mise \u00e0jour r\u00e9guli\u00e8re du contenu du site, le cabinet POIRIER-AVOCAT ne peut \u00eatre tenu pour responsable de la modification des dispositions administratives et juridiques survenant apr\u00e8s la publication. La consultation des informations relatives \u00e0chaque domaine d\u2019activit\u00e9ne saurait se substituer \u00e0celle l&rsquo;avocat est susceptible de vous communiquer directement lors d\u2019un entretien personnalis\u00e9ou dans le cadre d\u2019une consultation \u00e9crite. Le contenu du site est informatif et ne peut \u00eatre assimil\u00e9\u00e0des conseils suffisamment concrets au regard de la probl\u00e9matique juridique ayant suscit\u00e9cette consultation. Le cabinet POIRIER-AVOCAT se r\u00e9serve le droit de modifier le contenu. Les marques et domaines associ\u00e9s \u00e0POIRIER AVOCAT ne peuvent faire l\u2019objet d\u2019aucune utilisation.<span style=\"font-size: 17px;\">\u00a0<\/span><\/p>\n<ol start=\"4\">\n<li><strong> Utilisation des donn\u00e9es personnelles collect\u00e9es<\/strong><span style=\"font-size: 17px;\">\u00a0<\/span><\/li>\n<\/ol>\n<p><strong>4.1. Commentaires<\/strong><span style=\"font-size: 17px;\">\u00a0<\/span><\/p>\n<p>Quand vous laissez un commentaire sur notre site web, les donn\u00e9es inscrites dans le formulaire de commentaire, mais aussi votre adresse IP et l\u2019agent utilisateur de votre navigateur sont collect\u00e9s pour nous aider \u00e0la d\u00e9tection des commentaires ind\u00e9sirables.<span style=\"font-size: 17px;\">\u00a0<\/span><\/p>\n<p>Une cha\u00eene anonymis\u00e9e cr\u00e9\u00e9e \u00e0partir de votre adresse de messagerie (\u00e9galement appel\u00e9e hash) peut \u00eatre envoy\u00e9e au service Gravatar pour v\u00e9rifier si vous utilisez ce dernier. Les clauses de confidentialit\u00e9du service Gravatar sont disponibles ici\u00a0: https:\/\/automattic.com\/privacy\/. Apr\u00e8s validation de votre commentaire, votre photo de profil sera visible publiquement \u00e0cot\u00e9de votre commentaire.<span style=\"font-size: 17px;\">\u00a0<\/span><\/p>\n<p><strong>4.2. M\u00e9dias<\/strong><span style=\"font-size: 17px;\">\u00a0<\/span><\/p>\n<p>Si vous \u00eates un utilisateur ou une utilisatrice enregistr\u00e9e et que vous t\u00e9l\u00e9versez des images sur le site web, nous vous conseillons d\u2019\u00e9viter de t\u00e9l\u00e9verser des images contenant des donn\u00e9es EXIF de coordonn\u00e9es GPS. Les visiteurs de votre site web peuvent t\u00e9l\u00e9charger et extraire des donn\u00e9es de localisation depuis ces images.<span style=\"font-size: 17px;\">\u00a0<\/span><\/p>\n<p><strong>4.3. Formulaires de contact<\/strong><span style=\"font-size: 17px;\">\u00a0<\/span><\/p>\n<p>Les soumissions d\u2019un formulaire de contact peuvent \u00eatre conserv\u00e9es pendant une dur\u00e9e de 12 mois mais ne sont pas utilis\u00e9es \u00e0 des fins commerciales.<\/p>\n<p><strong>4.4. Cookies<\/strong><span style=\"font-size: 17px;\">\u00a0<\/span><\/p>\n<p>Si vous d\u00e9posez un commentaire sur notre site, il vous sera propos\u00e9 d\u2019enregistrer votre nom, adresse de messagerie et site web dans des cookies. C\u2019est uniquement pour votre confort afin de ne pas avoir \u00e0 saisir ces informations si vous d\u00e9posez un autre commentaire plus tard. Ces cookies expirent au bout d\u2019un an.<span style=\"font-size: 17px;\">\u00a0<\/span><\/p>\n<p>Si vous vous rendez sur la page de connexion, un cookie temporaire sera cr\u00e9\u00e9 afin de d\u00e9terminer si votre navigateur accepte les cookies. Il ne contient pas de donn\u00e9es personnelles et sera supprim\u00e9 automatiquement \u00e0 la fermeture de votre navigateur.<span style=\"font-size: 17px;\">\u00a0<\/span><\/p>\n<p>Lorsque vous vous connecterez, nous mettrons en place un certain nombre de cookies pour enregistrer vos informations de connexion et vos pr\u00e9f\u00e9rences d\u2019\u00e9cran. La dur\u00e9e de vie d\u2019un cookie de connexion est de deux jours, celle d\u2019un cookie d\u2019option d\u2019\u00e9cran est d\u2019un an. Si vous cochez \u00ab\u00a0Se souvenir de moi\u00a0\u00bb, votre cookie de connexion sera conserv\u00e9 pendant deux semaines. Si vous vous d\u00e9connectez de votre compte, le cookie de connexion sera effac\u00e9.<span style=\"font-size: 17px;\">\u00a0<\/span><\/p>\n<p>En modifiant ou en publiant une publication, un cookie suppl\u00e9mentaire sera enregistr\u00e9 dans votre navigateur. Ce cookie ne comprend aucune donn\u00e9e personnelle. Il indique simplement l\u2019ID de la publication que vous venez de modifier. Il expire au bout d\u2019un jour.<span style=\"font-size: 17px;\">\u00a0<\/span><\/p>\n<p><strong>4.5. Contenu embarqu\u00e9 depuis d\u2019autres sites<\/strong><span style=\"font-size: 17px;\">\u00a0<\/span><\/p>\n<p>Les articles de ce site peuvent inclure des contenus int\u00e9gr\u00e9s (par exemple des vid\u00e9os, images, articles\u2026). Le contenu int\u00e9gr\u00e9 depuis d\u2019autres sites se comporte de la m\u00eame mani\u00e8re que si le visiteur se rendait sur cet autre site.<span style=\"font-size: 17px;\">\u00a0<\/span><\/p>\n<p>Ces sites web pourraient collecter des donn\u00e9es sur vous, utiliser des cookies, embarquer des outils de suivis tiers, suivre vos interactions avec ces contenus embarqu\u00e9s si vous disposez d\u2019un compte connect\u00e9 sur leur site web.<span style=\"font-size: 17px;\">\u00a0<\/span><\/p>\n<p><strong>4.6. Dur\u00e9es de stockage de vos donn\u00e9es<\/strong><span style=\"font-size: 17px;\">\u00a0<\/span><\/p>\n<p>Si vous laissez un commentaire, le commentaire et ses m\u00e9tadonn\u00e9es sont conserv\u00e9s ind\u00e9finiment. Cela permet de reconna\u00eetre et approuver automatiquement les commentaires suivants au lieu de les laisser dans la file de mod\u00e9ration.<span style=\"font-size: 17px;\">\u00a0<\/span><\/p>\n<p>Pour les utilisateurs et utilisatrices qui s\u2019enregistrent sur notre site (si cela est possible), nous stockons \u00e9galement les donn\u00e9es personnelles indiqu\u00e9es dans leur profil. Tous les utilisateurs et utilisatrices peuvent voir, modifier ou supprimer leurs informations personnelles \u00e0 tout moment (\u00e0 l\u2019exception de leur nom d\u2019utilisateur). Les gestionnaires du site peuvent aussi voir et modifier ces informations.<span style=\"font-size: 17px;\">\u00a0<\/span><\/p>\n<p><strong>4.7. Les droits que vous avez sur vos donn\u00e9es<\/strong><span style=\"font-size: 17px;\">\u00a0<\/span><\/p>\n<p>Si vous avez un compte ou si vous avez laiss\u00e9 des commentaires sur le site, vous pouvez demander \u00e0 recevoir un fichier contenant toutes les donn\u00e9es personnelles que nous poss\u00e9dons \u00e0 votre sujet, incluant celles que vous nous avez fournies. Vous pouvez \u00e9galement demander la suppression des donn\u00e9es personnelles vous concernant. Cela ne prend pas en compte les donn\u00e9es stock\u00e9es \u00e0 des fins administratives, l\u00e9gales ou pour des raisons de s\u00e9curit\u00e9.<span style=\"font-size: 17px;\">\u00a0<\/span><\/p>\n<p><strong>4.8. Transmission de vos donn\u00e9es personnelles<\/strong><span style=\"font-size: 17px;\">\u00a0<\/span><\/p>\n<p>Les commentaires des visiteurs peuvent \u00eatre v\u00e9rifi\u00e9s \u00e0 l\u2019aide d\u2019un service automatis\u00e9 de d\u00e9tection des commentaires ind\u00e9sirables.<span style=\"font-size: 17px;\">\u00a0<\/span><\/p>\n<p><strong>4.9. Informations de contact<\/strong><span style=\"font-size: 17px;\">\u00a0<\/span><\/p>\n<p>Pour toute demande, vous pouvez contacter\u00a0: Fr\u00e9d\u00e9ric POIRIER \u2013 106 avenue Mozart 75016 PARIS \u2013 contact@poirier-avocat.fr<span style=\"font-size: 17px;\">\u00a0<\/span><\/p>\n<ol start=\"4\">\n<li><strong> 10. Comment nous prot\u00e9geons vos donn\u00e9es<\/strong><\/li>\n<\/ol>\n<p>Vos donn\u00e9es sont prot\u00e9g\u00e9es par chiffrage SSL.<span style=\"font-size: 17px;\">\u00a0<\/span><\/p>\n<p><strong>4.11. Affichage des informations li\u00e9es aux secteurs soumis \u00e0 des r\u00e9gulations sp\u00e9cifiques<\/strong><span style=\"font-size: 17px;\">\u00a0<\/span><\/p>\n<p>Really Simple SSL et les modules Really Simple SSL ne traitent aucune information personnelle identifiable, de sorte que le GDPR ne s\u2019applique pas \u00e0 ces extensions ou \u00e0 l\u2019utilisation de ces extensions sur votre site web. Vous pouvez trouver notre politique de confidentialit\u00e9\u00a0<a href=\"https:\/\/really-simple-ssl.com\/privacy-statement\/\">ici\u00a0<\/a>.<\/p>\n<p>&nbsp;<\/p>\n<p>&nbsp;<\/p>\n<p>&nbsp;<\/p>\n<p>[\/et_pb_text][\/et_pb_column][\/et_pb_row][\/et_pb_section]<\/p>\n","protected":false},"excerpt":{"rendered":"<p>MENTIONS LEGALES Informations l\u00e9gales Le pr\u00e9sent site Internet (www.poirier-avocat.fr) est fourni et exploit\u00e9par Fr\u00e9d\u00e9ric POIRIER. Le cabinet est domicili\u00e9106 avenue Mozart \u00e0Paris 75016.\u00a0 Directeur de publication : Fr\u00e9d\u00e9ric POIRIER\u00a0 H\u00e9bergeur : OVH\u00a0 Technologie : Site con\u00e7u avec DIVI.\u00a0 L&rsquo;adresse du site Web est https:\/\/poirier-avocat.fr.\u00a0 Copyrights contenus Toute reproduction et toute utilisation du contenu du site, [&hellip;]<\/p>\n","protected":false},"author":1,"featured_media":0,"parent":0,"menu_order":0,"comment_status":"closed","ping_status":"closed","template":"page-template-blank.php","meta":{"_et_pb_use_builder":"on","_et_pb_old_content":"","_et_gb_content_width":"","footnotes":""},"class_list":["post-295","page","type-page","status-publish","hentry"],"yoast_head":"<!-- This site is optimized with the Yoast SEO plugin v21.7 - https:\/\/yoast.com\/wordpress\/plugins\/seo\/ -->\n<title>MENTIONS LEGALES | Fr\u00e9d\u00e9ric Poirier Avocat<\/title>\n<meta name=\"robots\" content=\"index, follow, max-snippet:-1, max-image-preview:large, max-video-preview:-1\" \/>\n<link rel=\"canonical\" href=\"https:\/\/poirier-avocat.fr\/?page_id=295\" \/>\n<meta property=\"og:locale\" content=\"fr_FR\" \/>\n<meta property=\"og:type\" content=\"article\" \/>\n<meta property=\"og:title\" content=\"MENTIONS LEGALES | Fr\u00e9d\u00e9ric Poirier Avocat\" \/>\n<meta property=\"og:description\" content=\"MENTIONS LEGALES Informations l\u00e9gales Le pr\u00e9sent site Internet (www.poirier-avocat.fr) est fourni et exploit\u00e9par Fr\u00e9d\u00e9ric POIRIER. Le cabinet est domicili\u00e9106 avenue Mozart \u00e0Paris 75016.\u00a0 Directeur de publication : Fr\u00e9d\u00e9ric POIRIER\u00a0 H\u00e9bergeur : OVH\u00a0 Technologie : Site con\u00e7u avec DIVI.\u00a0 L&#039;adresse du site Web est https:\/\/poirier-avocat.fr.\u00a0 Copyrights contenus Toute reproduction et toute utilisation du contenu du site, [&hellip;]\" \/>\n<meta property=\"og:url\" content=\"https:\/\/poirier-avocat.fr\/?page_id=295\" \/>\n<meta property=\"og:site_name\" content=\"Fr\u00e9d\u00e9ric Poirier Avocat\" \/>\n<meta property=\"article:modified_time\" content=\"2020-03-27T17:01:53+00:00\" \/>\n<meta name=\"twitter:card\" content=\"summary_large_image\" \/>\n<meta name=\"twitter:label1\" content=\"Dur\u00e9e de lecture estim\u00e9e\" \/>\n\t<meta name=\"twitter:data1\" content=\"6 minutes\" \/>\n<script type=\"application\/ld+json\" class=\"yoast-schema-graph\">{\"@context\":\"https:\/\/schema.org\",\"@graph\":[{\"@type\":\"WebPage\",\"@id\":\"https:\/\/poirier-avocat.fr\/?page_id=295\",\"url\":\"https:\/\/poirier-avocat.fr\/?page_id=295\",\"name\":\"MENTIONS LEGALES | Fr\u00e9d\u00e9ric Poirier Avocat\",\"isPartOf\":{\"@id\":\"https:\/\/poirier-avocat.fr\/#website\"},\"datePublished\":\"2020-03-23T18:25:29+00:00\",\"dateModified\":\"2020-03-27T17:01:53+00:00\",\"breadcrumb\":{\"@id\":\"https:\/\/poirier-avocat.fr\/?page_id=295#breadcrumb\"},\"inLanguage\":\"fr-FR\",\"potentialAction\":[{\"@type\":\"ReadAction\",\"target\":[\"https:\/\/poirier-avocat.fr\/?page_id=295\"]}]},{\"@type\":\"BreadcrumbList\",\"@id\":\"https:\/\/poirier-avocat.fr\/?page_id=295#breadcrumb\",\"itemListElement\":[{\"@type\":\"ListItem\",\"position\":1,\"name\":\"Accueil\",\"item\":\"https:\/\/poirier-avocat.fr\/\"},{\"@type\":\"ListItem\",\"position\":2,\"name\":\"MENTIONS LEGALES\"}]},{\"@type\":\"WebSite\",\"@id\":\"https:\/\/poirier-avocat.fr\/#website\",\"url\":\"https:\/\/poirier-avocat.fr\/\",\"name\":\"Fr\u00e9d\u00e9ric Poirier Avocat\",\"description\":\"Copropri\u00e9t\u00e9 &amp; Construction\",\"publisher\":{\"@id\":\"https:\/\/poirier-avocat.fr\/#\/schema\/person\/db468a4bb295af966e3fe98d3be01554\"},\"potentialAction\":[{\"@type\":\"SearchAction\",\"target\":{\"@type\":\"EntryPoint\",\"urlTemplate\":\"https:\/\/poirier-avocat.fr\/?s={search_term_string}\"},\"query-input\":\"required name=search_term_string\"}],\"inLanguage\":\"fr-FR\"},{\"@type\":[\"Person\",\"Organization\"],\"@id\":\"https:\/\/poirier-avocat.fr\/#\/schema\/person\/db468a4bb295af966e3fe98d3be01554\",\"name\":\"Fr\u00e9d\u00e9ric Poirier - Avocat\",\"image\":{\"@type\":\"ImageObject\",\"inLanguage\":\"fr-FR\",\"@id\":\"https:\/\/poirier-avocat.fr\/#\/schema\/person\/image\/\",\"url\":\"https:\/\/secure.gravatar.com\/avatar\/ba4f3cabf189a04aed30f928bb369d8893558c638ac6057af266a45053d5abf2?s=96&d=mm&r=g\",\"contentUrl\":\"https:\/\/secure.gravatar.com\/avatar\/ba4f3cabf189a04aed30f928bb369d8893558c638ac6057af266a45053d5abf2?s=96&d=mm&r=g\",\"caption\":\"Fr\u00e9d\u00e9ric Poirier - Avocat\"},\"logo\":{\"@id\":\"https:\/\/poirier-avocat.fr\/#\/schema\/person\/image\/\"},\"sameAs\":[\"http:\/\/poirier-avocat.fr\"]}]}<\/script>\n<!-- \/ Yoast SEO plugin. -->","yoast_head_json":{"title":"MENTIONS LEGALES | Fr\u00e9d\u00e9ric Poirier Avocat","robots":{"index":"index","follow":"follow","max-snippet":"max-snippet:-1","max-image-preview":"max-image-preview:large","max-video-preview":"max-video-preview:-1"},"canonical":"https:\/\/poirier-avocat.fr\/?page_id=295","og_locale":"fr_FR","og_type":"article","og_title":"MENTIONS LEGALES | Fr\u00e9d\u00e9ric Poirier Avocat","og_description":"MENTIONS LEGALES Informations l\u00e9gales Le pr\u00e9sent site Internet (www.poirier-avocat.fr) est fourni et exploit\u00e9par Fr\u00e9d\u00e9ric POIRIER. Le cabinet est domicili\u00e9106 avenue Mozart \u00e0Paris 75016.\u00a0 Directeur de publication : Fr\u00e9d\u00e9ric POIRIER\u00a0 H\u00e9bergeur : OVH\u00a0 Technologie : Site con\u00e7u avec DIVI.\u00a0 L'adresse du site Web est https:\/\/poirier-avocat.fr.\u00a0 Copyrights contenus Toute reproduction et toute utilisation du contenu du site, [&hellip;]","og_url":"https:\/\/poirier-avocat.fr\/?page_id=295","og_site_name":"Fr\u00e9d\u00e9ric Poirier Avocat","article_modified_time":"2020-03-27T17:01:53+00:00","twitter_card":"summary_large_image","twitter_misc":{"Dur\u00e9e de lecture estim\u00e9e":"6 minutes"},"schema":{"@context":"https:\/\/schema.org","@graph":[{"@type":"WebPage","@id":"https:\/\/poirier-avocat.fr\/?page_id=295","url":"https:\/\/poirier-avocat.fr\/?page_id=295","name":"MENTIONS LEGALES | Fr\u00e9d\u00e9ric Poirier Avocat","isPartOf":{"@id":"https:\/\/poirier-avocat.fr\/#website"},"datePublished":"2020-03-23T18:25:29+00:00","dateModified":"2020-03-27T17:01:53+00:00","breadcrumb":{"@id":"https:\/\/poirier-avocat.fr\/?page_id=295#breadcrumb"},"inLanguage":"fr-FR","potentialAction":[{"@type":"ReadAction","target":["https:\/\/poirier-avocat.fr\/?page_id=295"]}]},{"@type":"BreadcrumbList","@id":"https:\/\/poirier-avocat.fr\/?page_id=295#breadcrumb","itemListElement":[{"@type":"ListItem","position":1,"name":"Accueil","item":"https:\/\/poirier-avocat.fr\/"},{"@type":"ListItem","position":2,"name":"MENTIONS LEGALES"}]},{"@type":"WebSite","@id":"https:\/\/poirier-avocat.fr\/#website","url":"https:\/\/poirier-avocat.fr\/","name":"Fr\u00e9d\u00e9ric Poirier Avocat","description":"Copropri\u00e9t\u00e9 &amp; Construction","publisher":{"@id":"https:\/\/poirier-avocat.fr\/#\/schema\/person\/db468a4bb295af966e3fe98d3be01554"},"potentialAction":[{"@type":"SearchAction","target":{"@type":"EntryPoint","urlTemplate":"https:\/\/poirier-avocat.fr\/?s={search_term_string}"},"query-input":"required name=search_term_string"}],"inLanguage":"fr-FR"},{"@type":["Person","Organization"],"@id":"https:\/\/poirier-avocat.fr\/#\/schema\/person\/db468a4bb295af966e3fe98d3be01554","name":"Fr\u00e9d\u00e9ric Poirier - Avocat","image":{"@type":"ImageObject","inLanguage":"fr-FR","@id":"https:\/\/poirier-avocat.fr\/#\/schema\/person\/image\/","url":"https:\/\/secure.gravatar.com\/avatar\/ba4f3cabf189a04aed30f928bb369d8893558c638ac6057af266a45053d5abf2?s=96&d=mm&r=g","contentUrl":"https:\/\/secure.gravatar.com\/avatar\/ba4f3cabf189a04aed30f928bb369d8893558c638ac6057af266a45053d5abf2?s=96&d=mm&r=g","caption":"Fr\u00e9d\u00e9ric Poirier - Avocat"},"logo":{"@id":"https:\/\/poirier-avocat.fr\/#\/schema\/person\/image\/"},"sameAs":["http:\/\/poirier-avocat.fr"]}]}},"_links":{"self":[{"href":"https:\/\/poirier-avocat.fr\/index.php?rest_route=\/wp\/v2\/pages\/295","targetHints":{"allow":["GET"]}}],"collection":[{"href":"https:\/\/poirier-avocat.fr\/index.php?rest_route=\/wp\/v2\/pages"}],"about":[{"href":"https:\/\/poirier-avocat.fr\/index.php?rest_route=\/wp\/v2\/types\/page"}],"author":[{"embeddable":true,"href":"https:\/\/poirier-avocat.fr\/index.php?rest_route=\/wp\/v2\/users\/1"}],"replies":[{"embeddable":true,"href":"https:\/\/poirier-avocat.fr\/index.php?rest_route=%2Fwp%2Fv2%2Fcomments&post=295"}],"version-history":[{"count":6,"href":"https:\/\/poirier-avocat.fr\/index.php?rest_route=\/wp\/v2\/pages\/295\/revisions"}],"predecessor-version":[{"id":432,"href":"https:\/\/poirier-avocat.fr\/index.php?rest_route=\/wp\/v2\/pages\/295\/revisions\/432"}],"wp:attachment":[{"href":"https:\/\/poirier-avocat.fr\/index.php?rest_route=%2Fwp%2Fv2%2Fmedia&parent=295"}],"curies":[{"name":"wp","href":"https:\/\/api.w.org\/{rel}","templated":true}]}}